{"id":3638,"date":"2021-01-17T22:26:18","date_gmt":"2021-01-17T21:26:18","guid":{"rendered":"https:\/\/kanat-steuerberater.de\/datenschutzerklaerung\/"},"modified":"2025-05-05T19:04:25","modified_gmt":"2025-05-05T17:04:25","slug":"verikorumasi","status":"publish","type":"page","link":"https:\/\/kanat-steuerberater.de\/tr\/verikorumasi\/","title":{"rendered":"Veri Korumas\u0131"},"content":{"rendered":"<div id='av_section_1'  class='avia-section main_color avia-section-large avia-no-border-styling  avia-bg-style-scroll  avia-builder-el-0  avia-builder-el-no-sibling   container_wrap sidebar_right' style=' '  ><div class='container' ><main  role=\"main\" itemprop=\"mainContentOfPage\"  class='template-page content  av-content-small alpha units'><div class='post-entry post-entry-type-page post-entry-3638'><div class='entry-content-wrapper clearfix'>\n<div  style='padding-bottom:30px; font-size:50px;' class='av-special-heading av-special-heading-h1  blockquote modern-quote  avia-builder-el-1  el_before_av_one_full  avia-builder-el-first  av-thin-font av-inherit-size '><h1 class='av-special-heading-tag '  itemprop=\"headline\"  >Datenschutzerkl\u00e4rung<strong>.<\/strong><\/h1><div class='special-heading-border'><div class='special-heading-inner-border' ><\/div><\/div><\/div>\n<div class=\"flex_column av_one_full  flex_column_div av-zero-column-padding first  avia-builder-el-2  el_after_av_heading  avia-builder-el-last  \" style='border-radius:0px; '><section class=\"av_textblock_section \"  itemscope=\"itemscope\" itemtype=\"https:\/\/schema.org\/CreativeWork\" ><div class='avia_textblock  '   itemprop=\"text\" ><div class=\"flex_column av_one_full flex_column_div av-zero-column-padding first avia-builder-el-3 el_after_av_hr avia-builder-el-last \">\n<section class=\"av_textblock_section \">\n<div class=\"avia_textblock \">\n<div class=\"column mcb-column one column_column column-margin-\">\n<div class=\"column_attr clearfix\">\n<div>\n<div class=\"post-entry post-entry-type-page post-entry-3\">\n<div class=\"entry-content-wrapper clearfix\">\n<section class=\"av_textblock_section \">\n<div class=\"avia_textblock \">\n<div class=\"column mcb-column one column_column column-margin-\">\n<div class=\"column_attr clearfix\">\n<div>\n<p class=\"big\">Wir als Kanat Steuerberater freuen uns \u00fcber Ihren Besuch auf unserer Webseite und \u00fcber Ihr Interesse an unserer Kanzlei. Wir nehmen den Schutz Ihrer Daten ernst und m\u00f6chten, dass Sie sich beim Besuch unserer Webseite wohl f\u00fchlen. Ihre Privatsph\u00e4re ist f\u00fcr uns ein wichtiges Anliegen, welches wir bei unseren Gesch\u00e4ftsprozessen ber\u00fccksichtigen. Diese Datenschutzerkl\u00e4rung betrifft die Verarbeitung personenbezogener Daten, die wir im Zusammenhang mit der Bereitstellung unserer Webseite https:\/\/www.kanat-steuerberater.de erfassen oder die Sie uns freiwillig zur Verf\u00fcgung stellen. Die Verarbeitung dieser Daten erfolgt gem\u00e4\u00df den geltenden datenschutzrechtlichen Bestimmungen der Datenschutzgrundverordnung [Verordnung (EU) 2016\/679; ABl. EU 4. Mai 2016 L 119 S. 1f., nachfolgend bezeichnet als \u201eDSGVO\u201c] und in \u00dcbereinstimmung mit den f\u00fcr uns geltenden landesspezifischen Datenschutzbestimmungen.<\/p>\n<h3>I. Begriffsbestimmungen<\/h3>\n<p class=\"big\">Diese Datenschutzerkl\u00e4rung beruht auf den Begrifflichkeiten des Art. 4 DSGVO. Zur F\u00f6rderung der Transparenz und Verst\u00e4ndlichkeit m\u00f6chten wir Sie vorab \u00fcber die verwendeten Begrifflichkeiten informieren:<\/p>\n<h4>\u201epersonenbezogene Daten\u201c<\/h4>\n<p class=\"big\">Personenbezogene Daten sind alle Informationen, die sich auf eine identifizierte oder identifizierbare nat\u00fcrliche Person (nachfolgend bezeichnet als \u201ebetroffene Person\u201c) beziehen. Als identifizierbar wird eine nat\u00fcrliche Person angesehen, die direkt oder indirekt, insbesondere mittels Zuordnung zu einer Kennung wie einem Namen, zu einer Kennnummer, zu Standortdaten, zu einer Online-Kennung oder zu einem oder mehreren besonderen Merkmalen, die Ausdruck der physischen, physiologischen, genetischen, psychischen, wirtschaftlichen, kulturellen oder sozialen Identit\u00e4t dieser nat\u00fcrlichen Person sind, identifiziert werden kann.<\/p>\n<h4>2.\u201ebetroffene Person\u201c<\/h4>\n<p class=\"big\">Betroffene Person ist jede identifizierte oder identifizierbare nat\u00fcrliche Person, deren personenbezogene Daten von dem f\u00fcr die Verarbeitung Verantwortlichen verarbeitet werden.<\/p>\n<h4>3.\u201eVerarbeitung\u201c<\/h4>\n<p class=\"big\">Verarbeitung ist jeder mit oder ohne Hilfe automatisierter Verfahren ausgef\u00fchrte Vorgang oder jede solche Vorgangsreihe im Zusammenhang mit personenbezogenen Daten wie das Erheben, das Erfassen, die Organisation, das Ordnen, die Speicherung, die Anpassung oder Ver\u00e4nderung, das Auslesen, das Abfragen, die Verwendung, die Offenlegung durch \u00dcbermittlung, Verbreitung oder eine andere Form der Bereitstellung, der Abgleich oder die Verkn\u00fcpfung, die Einschr\u00e4nkung, das L\u00f6schen oder die Vernichtung.<\/p>\n<h4>4.\u201eEinschr\u00e4nkung der Verarbeitung\u201c<\/h4>\n<p class=\"big\">Einschr\u00e4nkung der Verarbeitung ist die Markierung gespeicherter personenbezogener Daten mit dem Ziel, ihre k\u00fcnftige Verarbeitung einzuschr\u00e4nken.<\/p>\n<h4>5.\u201eVerantwortlicher oder f\u00fcr die Verarbeitung Verantwortlicher\u201c<\/h4>\n<p class=\"big\">Verantwortlicher oder f\u00fcr die Verarbeitung Verantwortlicher ist die nat\u00fcrliche oder juristische Person, Beh\u00f6rde, Einrichtung oder andere Stelle, die allein oder gemeinsam mit anderen \u00fcber die Zwecke und Mittel der Verarbeitung von personenbezogenen Daten entscheidet. Sind die Zwecke und Mittel dieser Verarbeitung durch das Unionsrecht oder das Recht der Mitgliedstaaten vorgegeben, so kann der Verantwortliche beziehungsweise k\u00f6nnen die bestimmten Kriterien seiner Benennung nach dem Unionsrecht oder dem Recht der Mitgliedstaaten vorgesehen werden.<\/p>\n<h4>6.\u201eAuftragsverarbeiter\u201c<\/h4>\n<p class=\"big\">Auftragsverarbeiter ist eine nat\u00fcrliche oder juristische Person, Beh\u00f6rde, Einrichtung oder andere Stelle, die personenbezogene Daten im Auftrag des Verantwortlichen verarbeitet.<\/p>\n<h4>7\u201eDritter\u201c<\/h4>\n<p class=\"big\">Dritter ist eine nat\u00fcrliche oder juristische Person, Beh\u00f6rde, Einrichtung oder andere Stelle au\u00dfer der betroffenen Person, dem Verantwortlichen, dem Auftragsverarbeiter und den Personen, die unter der unmittelbaren Verantwortung des Verantwortlichen oder des Auftragsverarbeiters befugt sind, die personenbezogenen Daten zu verarbeiten.<\/p>\n<h4>8.\u201eEinwilligung\u201c<\/h4>\n<p class=\"big\">Einwilligung ist jede von der betroffenen Person freiwillig f\u00fcr den bestimmten Fall, in informierter Weise und unmissverst\u00e4ndlich abgegebene Willensbekundung in Form einer Erkl\u00e4rung oder einer sonstigen eindeutigen best\u00e4tigenden Handlung, mit der die betroffene Person zu verstehen gibt, dass sie mit der Verarbeitung der sie betreffenden personenbezogenen Daten einverstanden ist.<\/p>\n<h4>9.\u201eProfiling\u201c<\/h4>\n<p class=\"big\">Profiling ist jede Art der automatisierten Verarbeitung personenbezogener Daten, die darin besteht, dass diese personenbezogenen Daten verwendet werden, um bestimmte pers\u00f6nliche Aspekte, die sich auf eine nat\u00fcrliche Person beziehen, zu bewerten, insbesondere, um Aspekte bez\u00fcglich Arbeitsleistung, wirtschaftlicher Lage, Gesundheit, pers\u00f6nlicher Vorlieben, Interessen, Zuverl\u00e4ssigkeit, Verhalten, Aufenthaltsort oder Ortswechsel dieser nat\u00fcrlichen Person zu analysieren oder vorherzusagen.<\/p>\n<h3>II. Verantwortlicher f\u00fcr die Datenverarbeitung und Datenschutzbeauftragter<\/h3>\n<p class=\"big\">Bei Fragen zur Verarbeitung Ihrer personenbezogenen Daten und der Geltendmachung Ihrer unter Ziff. VI n\u00e4her erl\u00e4uterten Betroffenenrechte, sowie der Geltendmachung Ihres Widerspruchsrechts wenden Sie sich bitte an den f\u00fcr Ihre personenbezogenen Daten Verantwortlichen gem. Art. 4 Abs. 7 DSGVO oder an unseren Datenschutzbeauftragten.<\/p>\n<p class=\"big\">Sie haben die M\u00f6glichkeit per E-Mail, Telefon, Post und\/oder Fax mit diesen in Verbindung zu treten. Die hierbei von Ihnen \u00fcbermittelten personenbezogenen Daten werden zum Zwecke der Bearbeitung Ihrer Kontaktanfrage genutzt.<\/p>\n<hr class=\"no_line\" \/>\n<h4>1.Kontaktdaten des Verantwortlichen<\/h4>\n<hr class=\"no_line\" \/>\n<p class=\"big\">Kanat Steuerberater<br \/>\nHeltorfer Str.4, D-40472 D\u00fcsseldorf<br \/>\nDeutschland<br \/>\nTel.: +49 (0) 211 54 55 32 60<br \/>\nFax: +49 (0) 211 54 55 32 69<br \/>\nEmail: info@kanat-steuerberater.de<\/p>\n<hr class=\"no_line\" \/>\n<h4>2.Kontaktdaten des Datenschutzbeauftragten des Verantwortlichen<\/h4>\n<hr class=\"no_line\" \/>\n<p class=\"big\">Herr Vedat Kanat<br \/>\nKanat Steuerberater<br \/>\nHeltorfer Str.4, D-40472 D\u00fcsseldorf<br \/>\nDeutschland<br \/>\nTel.: +49 (0) 211 54 55 32 60<br \/>\nFax: +49 (0) 211 54 55 32 69<br \/>\nEmail: info@kanat-steuerberater.de<\/p>\n<hr class=\"no_line\" \/>\n<h3>III.Verarbeitung personenbezogener Daten<\/h3>\n<p class=\"big\">Beim Aufrufen unserer Webseite speichern unsere Webserver standardm\u00e4\u00dfig Informationen, die von Ihrem Webbrowser automatisch an uns \u00fcbermittelt werden. Diese Informationen werden in einem Logfile gespeichert. In diesem Zusammenhang werden folgende Informationen gespeichert:<\/p>\n<ul>\n<li>IP-Adresse des anfragenden Rechners<\/li>\n<li>Datum und Uhrzeit des Zugriffs<\/li>\n<li>Webseite, von der aus der Zugriff erfolgt (Referrer-URL)<\/li>\n<li>Name und URL der abgerufenen Datei<\/li>\n<li>Jeweils \u00fcbertragene Datenmenge<\/li>\n<li>Verwendeter Browsertyp und- version<\/li>\n<li>das Betriebssystem Ihres Rechners<\/li>\n<\/ul>\n<p class=\"big\">Die genannten Daten werden durch uns zu folgenden Zwecken verarbeitet:<\/p>\n<ul>\n<li>Gew\u00e4hrleistung eines reibungslosen Verbindungsaufbaus der Webseite,<\/li>\n<li>Gew\u00e4hrleistung einer komfortablen Nutzung unserer Webseite,<\/li>\n<li>Auswertung des Systemsicherheit und \u2013stabilit\u00e4t sowie<\/li>\n<li>zu weiteren administrativen Zwecken.<\/li>\n<\/ul>\n<p class=\"big\">Dar\u00fcber hinausgehende, personenbezogene Daten werden nur dann erfasst, wenn Sie hierzu einwilligen oder uns diese von sich aus, z.B. im Rahmen einer Kontaktanfrage unter den oben angegebenen Kontaktm\u00f6glichkeiten, einer Bewerbung oder zur Durchf\u00fchrung oder Anfrage eines Vertrages freiwillig angeben. Die von Ihnen angegebenen personenbezogenen Daten werden zum Zwecke der Kontaktaufnahme und\/oder der Durchf\u00fchrung des mit Ihnen geschlossenen oder angefragten Vertrages genutzt. Ihre personenbezogenen Daten werden gel\u00f6scht, sofern sie f\u00fcr die urspr\u00fcnglichen Zwecke nicht mehr erforderlich sind. Personenbezogene Daten, die gesetzlichen Aufbewahrungsfristen unterworfen sind, sind hiervon ausgenommen.<\/p>\n<h3>IV. Rechtsgrundlage f\u00fcr die Verarbeitung personenbezogener Daten<\/h3>\n<p class=\"big\">Die Verarbeitung Ihrer personenbezogenen Daten erfolgt auf der Grundlage der DSGVO. Soweit wir f\u00fcr Verarbeitungsvorg\u00e4nge personenbezogener Daten Ihre Einwilligung einholen, dient Art. 6 Abs. 1 lit. a) DSGVO als Rechtsgrundlage f\u00fcr die Verarbeitung Ihrer personenbezogenen Daten.<\/p>\n<p class=\"big\">Bei der Verarbeitung von personenbezogenen Daten, die zur Erf\u00fcllung eines Vertrages, dessen Vertragspartei Sie sind, erforderlich ist, dient Art. 6 Abs. 1 lit. b) DSGVO als Rechtsgrundlage. Dies gilt auch f\u00fcr Verarbeitungsvorg\u00e4nge, die zur Durchf\u00fchrung vorvertraglicher Ma\u00dfnahmen erforderlich sind. Insbesondere bei der Vertragsanbahnung und dem Bewerbungsverfahren.<\/p>\n<p class=\"big\">Soweit eine Verarbeitung personenbezogener Daten zur Erf\u00fcllung einer rechtlichen Verpflichtung erforderlich ist, der unsere Kanzlei unterliegt, dient Art. 6 Abs. 1 lit. c) DSGVO als Rechtsgrundlage.<\/p>\n<p class=\"big\">Ist die Verarbeitung zur Wahrung eines berechtigten Interesses unserer Kanzlei oder eines Dritten erforderlich und \u00fcberwiegen Ihre Interessen, Grundrechte und Grundfreiheiten das erstgenannte Interesse nicht, so dient Art. 6 Abs. 1 lit. f) DSGVO als Rechtsgrundlage f\u00fcr die Verarbeitung.<\/p>\n<h3>V. Weitergabe Ihrer personenbezogenen Daten<\/h3>\n<p class=\"big\">Eine Weitergabe Ihrer personenbezogen an Dritte erfolgt nur, wenn diese auf einer der unter Ziff. IV. aufgez\u00e4hlten Rechtsgrundlagen beruht. Eine Weitergabe Ihrer personenbezogenen Daten zu Werbezwecken an Dritte oder an Drittl\u00e4nder, die sich au\u00dferhalb des Europ\u00e4ischen Wirtschaftsraums befinden, erfolgt nicht.<\/p>\n<h3>VI. Betroffenenrechte<\/h3>\n<p class=\"big\">Zur Geltendmachung Ihrer Betroffenenrechte, k\u00f6nnen Sie sich entweder an den Verantwortlichen oder unseren Datenschutzbeauftragten \u00fcber die unter Ziff. II. aufgef\u00fchrten Kontaktm\u00f6glichkeiten wenden.<\/p>\n<h4>1. Recht auf Auskunft<\/h4>\n<p class=\"big\">Gem\u00e4\u00df Art. 15 Abs. 1 DSGVO haben Sie das Recht auf Auskunft \u00fcber Ihre von uns verarbeiteten personenbezogenen Daten. Auf Anforderung teilen wir Ihnen m\u00f6glichst umgehend und schriftlich mit, ob und welche personenbezogenen Daten \u00fcber Sie bei uns gespeichert sind. Insbesondere k\u00f6nnen Sie Auskunft \u00fcber die Verarbeitungszwecke, die Kategorie der personenbezogenen Daten, die Kategorien von Empf\u00e4ngern, gegen\u00fcber denen Ihre Daten offengelegt wurden oder werden, die geplante Speicherdauer, das Bestehen eines Rechts auf Berichtigung, L\u00f6schung, Einschr\u00e4nkung der Verarbeitung oder Widerspruch, das Bestehen eines Beschwerderechts, die Herkunft Ihrer Daten, sofern diese nicht bei uns erhoben wurden, sowie \u00fcber das Bestehen einer automatisierten Entscheidungsfindung einschlie\u00dflich Profiling.<\/p>\n<h4>2. Recht auf Erhalt einer Kopie<\/h4>\n<p class=\"big\">Gem\u00e4\u00df Art. 15 Abs. 3 DSGVO haben Sie das Recht eine kostenlose Kopie aller verarbeiteten personenbezogenen Daten, die Sie betreffen, zu verlangen. F\u00fcr weitere Kopien kann eine angemessene Geb\u00fchr berechnet werden. Das Recht auf Erhalt einer Kopie darf die Rechte anderer Personen nicht beeintr\u00e4chtigen. Dem Recht auf Erhalt einer Kopie k\u00f6nnen Gesch\u00e4ftsgeheimnisse und Immaterialg\u00fcterrechte Dritter entgegenstehen.<\/p>\n<h4>3. Recht auf Berichtigung<\/h4>\n<p class=\"big\">Gem\u00e4\u00df Art. 16 DSGVO haben Sie das Recht, unverz\u00fcglich die Berichtigung unrichtiger oder Vervollst\u00e4ndigung Ihrer bei uns gespeicherten personenbezogenen Daten zu verlangen.<\/p>\n<h4>4. Recht auf L\u00f6schung<\/h4>\n<p class=\"big\">Gem\u00e4\u00df Art. 17 DSGVO haben Sie das Recht, die L\u00f6schung Ihrer bei uns gespeicherten personenbezogenen Daten zu verlangen, soweit nicht die Verarbeitung zur Aus\u00fcbung des Rechts auf freie Meinungs\u00e4u\u00dferung und Information, zur Erf\u00fcllung einer rechtlichen Verpflichtung, aus Gr\u00fcnden des \u00f6ffentlichen Interesses oder zur Geltendmachung, Aus\u00fcbung oder Verteidigung von Rechtsanspr\u00fcchen erforderlich ist.<\/p>\n<h4>5. Recht auf Einschr\u00e4nkung der Verarbeitung<\/h4>\n<p class=\"big\">Gem\u00e4\u00df Art. 18 DSGVO haben Sie das Recht, die Einschr\u00e4nkung der Verarbeitung Ihrer personenbezogenen Daten zu verlangen, soweit die Richtigkeit der Daten von Ihnen bestritten wird, die Verarbeitung unrechtm\u00e4\u00dfig ist, Sie aber deren L\u00f6schung ablehnen und wir die Daten nicht mehr ben\u00f6tigen, Sie jedoch diese zur Geltendmachung, Aus\u00fcbung oder Verteidigung von Rechtsanspr\u00fcchen ben\u00f6tigen oder Sie gem\u00e4\u00df Art. 21 DSGVO Widerspruch gegen die Verarbeitung eingelegt haben.<\/p>\n<h4>6. Recht auf Daten\u00fcbertragbarkeit<\/h4>\n<p class=\"big\">Gem\u00e4\u00df Art. 20 DSGVO haben Sie das Recht, Ihre personenbezogenen Daten, die Sie uns bereitgestellt haben, in einem strukturierten, g\u00e4ngigen und maschinenlesebaren Format zu erhalten oder die \u00dcbermittlung an einen anderen Verantwortlichen zu verlangen.<\/p>\n<h4>7. Recht auf Widerruf der Einwilligung<\/h4>\n<p class=\"big\">Gem\u00e4\u00df Art. 7 Abs. 3 DSGVO haben Sie das Recht, Ihre einmal erteilte Einwilligung jederzeit zu widerrufen. Dies hat zur Folge, dass wir die Datenverarbeitung, die auf dieser Einwilligung beruhte, f\u00fcr die Zukunft nicht mehr fortf\u00fchren d\u00fcrfen.<\/p>\n<h4>9. Recht auf Beschwerde bei der Aufsichtsbeh\u00f6rde<\/h4>\n<p class=\"big\">Gem\u00e4\u00df Art. 77 DSGVO haben Sie das Recht auf Beschwerde bei einer Aufsichtsbeh\u00f6rde, wenn Sie der Ansicht sind, dass die Verarbeitung Ihrer personenbezogenen Daten gegen geltende gesetzliche Bestimmungen verst\u00f6\u00dft. In der Regel k\u00f6nnen Sie sich hierf\u00fcr an die Aufsichtsbeh\u00f6rde Ihres \u00fcblichen Aufenthaltsortes oder Arbeitsplatzes oder unseres Kanzleisitzes wenden.<\/p>\n<h3>VII. Recht auf Widerspruch<\/h3>\n<p class=\"big\">Sofern Ihre personenbezogenen Daten auf Grundlage von berechtigten Interessen gem\u00e4\u00df Art. 6 Abs. 1 S. 1 lit. f) DSGVO verarbeitet werden, haben Sie das Recht, gem\u00e4\u00df Art. 21 DSGVO Widerspruch gegen die Verarbeitung Ihrer personenbezogenen Daten einzulegen, soweit daf\u00fcr Gr\u00fcnde vorliegen, die sich aus Ihrer besonderen Situation ergeben oder sich der Widerspruch gegen Direktwerbung richtet. Im letzteren Fall haben Sie ein generelles Widerspruchsrecht, das ohne Angabe einer besonderen Situation von uns umgesetzt wird.<\/p>\n<p class=\"big\">M\u00f6chten Sie von Ihrem Widerspruchsrecht Gebrauch machen, gen\u00fcgt eine E-Mail an <a href=\"https:\/\/web.archive.org\/web\/20200808092613\/mailto:info@kanat-steuerberater.de\">info@kanat-steuerberater.de<\/a><\/p>\n<h3>IX. Sicherheit<\/h3>\n<p class=\"big\">Wir setzen technische und organisatorische Sicherheitsma\u00dfnahmen ein, um Ihre durch uns verarbeiteten personenbezogenen Daten gegen Manipulationen, Verlust, Zerst\u00f6rung und gegen den Zugriff unberechtigter Personen zu sch\u00fctzen. Unsere Sicherheitsma\u00dfnahmen werden entsprechend der technologischen Entwicklung fortlaufend verbessert. Internetbasierte Daten\u00fcbertragungen per Email k\u00f6nnen jedoch grunds\u00e4tzlich Sicherheitsl\u00fccken aufweisen, so dass wir einen absoluten Schutz nicht gew\u00e4hrleisten k\u00f6nnen. Ihnen steht es deshalb frei, Ihre personenbezogenen Daten auch auf alternativen Wegen, beispielsweise telefonisch oder auf dem Postwege, an uns zu \u00fcbermitteln. Dar\u00fcber hinaus sind unsere Mitarbeiter zur Vertraulichkeit verpflichtet.<\/p>\n<h3>XI. Cookies<\/h3>\n<p class=\"big\">Wir verwenden Cookies, um unsere Webseite nutzerfreundlicher zu gestalten. Aktuell verwenden wir persistente Cookies, welche die Sprachwahl der Besucher unserer Webseite speichern.<\/p>\n<p class=\"big\">Nat\u00fcrlich k\u00f6nnen Sie unsere Webseite auch ohne Cookies betrachten. Die meisten Browser akzeptieren Cookies automatisch. Sie k\u00f6nnen das Speichern von Cookies auf Ihrem Rechner verhindern, indem Sie in Ihren Browser-Einstellungen *keine Cookies akzeptieren* w\u00e4hlen. Wie das im Einzelnen funktioniert, entnehmen Sie bitte der Anleitung Ihres Browserherstellers. Auf Ihrem Rechner k\u00f6nnen Sie au\u00dferdem bereits gesetzte Cookies jederzeit l\u00f6schen. Wenn Sie keine Cookies akzeptieren, kann dies aber zu Funktionseinschr\u00e4nkungen unserer Webseite f\u00fchren.<\/p>\n<h3>XII. Automatisierte Entscheidungsfindung<\/h3>\n<p class=\"big\">Sofern wir eine automatisierte Entscheidungsfindung \u2013 einschlie\u00dflich Profiling \u2013 nach Art. 22 Abs. 1 und 4 DSGVO einsetzen, informieren wir Sie zuvor \u00fcber Logik sowie Tragweite und \u00fcber die angestrebten Auswirkungen einer derartigen Verarbeitung.<\/p>\n<h3>XIV. Richtigkeit und G\u00fcltigkeit<\/h3>\n<p class=\"big\">Wir behalten uns die \u00c4nderung dieser Datenschutzerkl\u00e4rung vor. Deshalb empfehlen wir Ihnen das wiederholte Lesen dieser Datenschutzerkl\u00e4rung in regelm\u00e4\u00dfigen Abst\u00e4nden.<\/p>\n<p class=\"big\">In Zweifelsf\u00e4llen ist die deutsche Version ma\u00dfgeblich.<\/p>\n<\/div>\n<\/div>\n<\/div>\n<\/div>\n<\/section>\n<\/div>\n<\/div>\n<div class=\"column mcb-column one column_divider \">\n<hr class=\"no_line\" \/>\n<\/div>\n<\/div>\n<\/div>\n<\/div>\n<\/div>\n<\/section>\n<\/div>\n<\/div><\/section><\/div><\/div><\/div><\/main><!-- close content main element --><\/div><\/div><div id='after_section_1'  class='main_color av_default_container_wrap container_wrap sidebar_right' style=' '  ><div class='container' ><div class='template-page content  av-content-small alpha units'><div class='post-entry post-entry-type-page post-entry-3638'><div class='entry-content-wrapper clearfix'>\n","protected":false},"excerpt":{"rendered":"","protected":false},"author":1,"featured_media":0,"parent":0,"menu_order":0,"comment_status":"closed","ping_status":"closed","template":"","meta":{"footnotes":""},"class_list":["post-3638","page","type-page","status-publish","hentry"],"_links":{"self":[{"href":"https:\/\/kanat-steuerberater.de\/tr\/wp-json\/wp\/v2\/pages\/3638","targetHints":{"allow":["GET"]}}],"collection":[{"href":"https:\/\/kanat-steuerberater.de\/tr\/wp-json\/wp\/v2\/pages"}],"about":[{"href":"https:\/\/kanat-steuerberater.de\/tr\/wp-json\/wp\/v2\/types\/page"}],"author":[{"embeddable":true,"href":"https:\/\/kanat-steuerberater.de\/tr\/wp-json\/wp\/v2\/users\/1"}],"replies":[{"embeddable":true,"href":"https:\/\/kanat-steuerberater.de\/tr\/wp-json\/wp\/v2\/comments?post=3638"}],"version-history":[{"count":1,"href":"https:\/\/kanat-steuerberater.de\/tr\/wp-json\/wp\/v2\/pages\/3638\/revisions"}],"predecessor-version":[{"id":8931,"href":"https:\/\/kanat-steuerberater.de\/tr\/wp-json\/wp\/v2\/pages\/3638\/revisions\/8931"}],"wp:attachment":[{"href":"https:\/\/kanat-steuerberater.de\/tr\/wp-json\/wp\/v2\/media?parent=3638"}],"curies":[{"name":"wp","href":"https:\/\/api.w.org\/{rel}","templated":true}]}}